{"id":1992,"date":"2019-12-20T10:53:36","date_gmt":"2019-12-20T09:53:36","guid":{"rendered":"https:\/\/eb2019.paedagogik.uni-halle.de\/?page_id=1992"},"modified":"2019-12-20T11:25:39","modified_gmt":"2019-12-20T10:25:39","slug":"stimmen-zur-historischen-erwachsenenbildungsforschung-ein-aufruf","status":"publish","type":"page","link":"https:\/\/eb2019.paedagogik.uni-halle.de\/?page_id=1992","title":{"rendered":"Stimmen zur historischen Erwachsenenbildungsforschung. Ein Aufruf"},"content":{"rendered":"<p>[vc_row][vc_column][vc_column_text]<\/p>\n<p>Werte Mitglieder der Sektion Erwachsenenbildung,<\/p>\n<p>angesichts der vielf\u00e4ltigen und weiterf\u00fchrenden Beitr\u00e4ge zur Sektionstagung zur Geschichte und Geschichtlichkeit der Erwachsenenbildung und der Wahrnehmung einer zwar anregenden aber unabgeschlossenen Diskussionen vor Ort \u00fcber die Bedeutung historischer Analysen und Perspektiven f\u00fcr die Disziplin wurden am Ende der Tagung in einer der BarCamp-Gruppen \u00dcberlegungen angestellt, wie das Momentum dieser vielstimmigen Konferenz aufgegriffen und f\u00fcr weitergehende \u00dcberlegungen zur historischen Erwachsenenbildungsforschung in der Sektion fruchtbar gemacht werden kann.<\/p>\n<p>Mit dem niedrigschwelligen Format \u201eStimmen zur historischen Erwachsenenbildungsforschung\u201c wollen wir \u00fcber die Dokumentation der Beitr\u00e4ge im Tagungsband hinaus ein Forum f\u00fcr Positionen, Kommentare und Impulse zu Stand und Perspektiven, Relevanz und Desiderate historischer Erwachsenenbildungsforschung er\u00f6ffnen.<br \/>\nAlle Teilnehmenden der Tagung, aber Mitglieder der Sektion, die nicht dabei sein konnten, werden mit diesem Format aufgerufen, in knapper Form (zwischen einer halben und einer ganzen Seite) einen Aspekt herauszustellen, den sie in der weiteren Befassung der Sektion mit historischen Fragen ber\u00fccksichtigt sehen wollen:<\/p>\n<p>\u2022 In den \u201eStimmen\u201c k\u00f6nnen Resonanzen zu den Plenarvortr\u00e4gen der Tagung, zu einzelnen Panels, zum \u201eBrainstorming zu Perspektiven und Desideraten\u201c (https:\/\/eb2019.paedagogik.uni-halle.de\/?page_id=1792) oder auch zum Tagungsthema allgemein platziert werden.<\/p>\n<p>\u2022 Dar\u00fcber hinaus sind auch aktualisierenden Bezugnahmen auf das \u201eMemorandum zur historischen Erwachsenenbildungsforschung\u201c von 2002 willkommen (https:\/\/www.die-bonn.de\/esprid\/dokumente\/doc- 2002\/ciupke02_01.pdf). Fragen seiner Kommentierung und Weiterentwicklung w\u00e4ren etwa: Wie steht es um neue Befunde oder um die j\u00fcngere Entwicklung der theoretischen wie methodischen Ans\u00e4tze? Welche Ver\u00e4nderungen sind seit 2002 im Bereich der Sammlungs- und Archivpraxis zu verzeichnen? Welche Rolle spielen historische Perspektiven \u00fcber Forschung hinaus auch in der Lehre und welche Konsequenzen zeitigt der Bologna-Prozess in diesem Zusammenhang?<\/p>\n<p>\u2022 Vielleicht m\u00f6chten Sie auch auf relevante Neuerscheinungen, Projektvorhaben, Kooperationsinteressen, Archivkontakte, Lehrmaterialien etc. der historischen Erwachsenenbildungsforschung hinweisen?<\/p>\n<p>Bitte senden Sie Ihre \u201eStimme\u201c bis zum 15. Dezember 2019 an das LOK der Sektionstagung: lokeb2019@paedagogik.uni-halle.de<\/p>\n<p>Eine Koordinationsgruppe, die sich in Halle gebildet hat, wird die eingegangenen \u201eStimmen\u201c dann sichten und in systematisierter Form auf der Tagungshomepage \u00f6ffentlich zug\u00e4nglich machen. (Auf Wunsch ist auch eine anonymisierte Ver\u00f6ffentlichung m\u00f6glich.)<\/p>\n<p>Je nachdem, wie sich die Diskussion entwickelt, werden geeignete Formate f\u00fcr eine Fortf\u00fchrung und ggf. auch f\u00fcr eine Verwendung der \u201eStimmen\u201c zu entwickeln sein, selbstverst\u00e4ndlich nur nach expliziter Einwilligung der Autor_innen.<\/p>\n<p>Wir hoffen auf eine rege Beteiligung und gr\u00fc\u00dfen herzlich,<br \/>\nJ\u00f6rg Dinkelaker und Nicole Hoffmann<\/p>\n<p><a href=\"https:\/\/eb2019.paedagogik.uni-halle.de\/?page_id=1792\">Zur\u00fcck<\/a>[\/vc_column_text][\/vc_column][\/vc_row]<\/p>\n","protected":false},"excerpt":{"rendered":"<div class=\"entry-summary\">\n Werte Mitglieder der Sektion Erwachsenenbildung, angesichts der vielf\u00e4ltigen und weiterf\u00fchrenden Beitr\u00e4ge zur Sektionstagung zur Geschichte und Geschichtlichkeit der Erwachsenenbildung&hellip;\n<\/div>\n<div class=\"link-more\"><a href=\"https:\/\/eb2019.paedagogik.uni-halle.de\/?page_id=1992\" class=\"more-link\">Continue reading<span class=\"screen-reader-text\"> &ldquo;Stimmen zur historischen Erwachsenenbildungsforschung. Ein Aufruf&rdquo;<\/span>&hellip;<\/a><\/div>\n","protected":false},"author":3976,"featured_media":0,"parent":0,"menu_order":0,"comment_status":"closed","ping_status":"closed","template":"","meta":{"_links_to":"","_links_to_target":""},"_links":{"self":[{"href":"https:\/\/eb2019.paedagogik.uni-halle.de\/index.php?rest_route=\/wp\/v2\/pages\/1992"}],"collection":[{"href":"https:\/\/eb2019.paedagogik.uni-halle.de\/index.php?rest_route=\/wp\/v2\/pages"}],"about":[{"href":"https:\/\/eb2019.paedagogik.uni-halle.de\/index.php?rest_route=\/wp\/v2\/types\/page"}],"author":[{"embeddable":true,"href":"https:\/\/eb2019.paedagogik.uni-halle.de\/index.php?rest_route=\/wp\/v2\/users\/3976"}],"replies":[{"embeddable":true,"href":"https:\/\/eb2019.paedagogik.uni-halle.de\/index.php?rest_route=%2Fwp%2Fv2%2Fcomments&post=1992"}],"version-history":[{"count":5,"href":"https:\/\/eb2019.paedagogik.uni-halle.de\/index.php?rest_route=\/wp\/v2\/pages\/1992\/revisions"}],"predecessor-version":[{"id":2042,"href":"https:\/\/eb2019.paedagogik.uni-halle.de\/index.php?rest_route=\/wp\/v2\/pages\/1992\/revisions\/2042"}],"wp:attachment":[{"href":"https:\/\/eb2019.paedagogik.uni-halle.de\/index.php?rest_route=%2Fwp%2Fv2%2Fmedia&parent=1992"}],"curies":[{"name":"wp","href":"https:\/\/api.w.org\/{rel}","templated":true}]}}